{"id":113,"date":"2019-01-22T16:34:56","date_gmt":"2019-01-22T15:34:56","guid":{"rendered":"http:\/\/comitet.be\/?page_id=113"},"modified":"2021-05-10T12:56:01","modified_gmt":"2021-05-10T10:56:01","slug":"presse","status":"publish","type":"page","link":"https:\/\/comitet.be\/nl\/presse\/","title":{"rendered":"Pers"},"content":{"rendered":"<p>[vc_row][vc_column][vc_empty_space height=&#8221;50px&#8221;][\/vc_column][\/vc_row][vc_row][vc_column width=&#8221;1\/2&#8243;][vc_column_text]<div class=\" content_cards_card content_cards_domain_www-laicite-be\">\n\t\t\t<div class=\"content_cards_image\">\n\t\t\t\t<a class=\"content_cards_image_link\" href=\"https:\/\/www.laicite.be\/emission\/lutte-contre-terrorisme-a-lumiere-droits-humains\/\" target=\"_blank\">\n\t\t\t\t\t<img decoding=\"async\" src=\"https:\/\/www.laicite.be\/app\/uploads\/2021\/04\/vignette-yt.png\" alt=\"La lutte contre le terrorisme \u00e0 la lumi\u00e8re des droits humains - Centre d&#039;Action La\u00efque\">\t\t\t\t<\/a>\n\t\t<\/div>\n\t\n\t<div class=\"content_cards_title\">\n\t\t<a class=\"content_cards_title_link\" href=\"https:\/\/www.laicite.be\/emission\/lutte-contre-terrorisme-a-lumiere-droits-humains\/\" target=\"_blank\">\n\t\t\tLa lutte contre le terrorisme \u00e0 la lumi\u00e8re des droits humains - Centre d'Action La\u00efque\t\t<\/a>\n\t<\/div>\n\t<div class=\"content_cards_description\">\n\t\t<a class=\"content_cards_description_link\" href=\"https:\/\/www.laicite.be\/emission\/lutte-contre-terrorisme-a-lumiere-droits-humains\/\" target=\"_blank\">\n\t\t\t<p>Cette semaine, la Justice a rappel\u00e9 \u00e0 l\u2019Etat belge que la lutte contre le Covid-19 n\u2019excusait pas tout. Le tribunal de premi\u00e8re instance de Bruxelles a donn\u00e9 raison \u00e0 La Ligue des Droits humains: les arr\u00eat\u00e9s minist\u00e9riels encadrant les mesures sanitaires ne disposent pas de base l\u00e9gale suffisante.\u00a0L\u2019\u00c9tat a 30 jours pour revoir sa copie\u2026<\/p>\n\t\t<\/a>\n\t<\/div>\n\t<div class=\"content_cards_site_name\">\n\t\t<img decoding=\"async\" src=\"https:\/\/www.laicite.be\/app\/themes\/cal\/img\/icons\/favicon-32x32.png\" alt=\"Centre d&#039;Action La\u00efque\" class=\"content_cards_favicon\"\/>\t\tCentre d'Action La\u00efque\t<\/div>\n<\/div>[\/vc_column_text][vc_video link=&#8221;https:\/\/www.youtube.com\/watch?v=h4qKo6IDq-o&#8221;][vc_column_text]<div class=\" content_cards_card content_cards_domain_www-rtbf-be\">\n\t\t\t<div class=\"content_cards_image\">\n\t\t\t\t<a class=\"content_cards_image_link\" href=\"https:\/\/www.rtbf.be\/info\/belgique\/detail_lutte-contre-le-terrorisme-et-la-radicalisation-en-prison-les-sections-dediees-aux-personnes-radicalisees-offrent-un-bilan-mitige-cinq-ans-apres?id=10720776\" target=\"_blank\">\n\t\t\t\t\t<img decoding=\"async\" src=\"https:\/\/static-content.rtbf.be\/article\/image\/1920x1080\/d\/4\/9\/2b19cdc35511a94f3254bf66c250be3f-1615975533.png\" alt=\"Lutte contre le terrorisme et la radicalisation\u00a0: en prison, les sections d\u00e9di\u00e9es aux personnes radicalis\u00e9es offrent un bilan mitig\u00e9, cinq ans apr\u00e8s - RTBF Actus\">\t\t\t\t<\/a>\n\t\t<\/div>\n\t\n\t<div class=\"content_cards_title\">\n\t\t<a class=\"content_cards_title_link\" href=\"https:\/\/www.rtbf.be\/info\/belgique\/detail_lutte-contre-le-terrorisme-et-la-radicalisation-en-prison-les-sections-dediees-aux-personnes-radicalisees-offrent-un-bilan-mitige-cinq-ans-apres?id=10720776\" target=\"_blank\">\n\t\t\tLutte contre le terrorisme et la radicalisation\u00a0: en prison, les sections d\u00e9di\u00e9es aux personnes radicalis\u00e9es offrent un bilan mitig\u00e9, cinq ans apr\u00e8s - RTBF Actus\t\t<\/a>\n\t<\/div>\n\t<div class=\"content_cards_description\">\n\t\t<a class=\"content_cards_description_link\" href=\"https:\/\/www.rtbf.be\/info\/belgique\/detail_lutte-contre-le-terrorisme-et-la-radicalisation-en-prison-les-sections-dediees-aux-personnes-radicalisees-offrent-un-bilan-mitige-cinq-ans-apres?id=10720776\" target=\"_blank\">\n\t\t\t<p>Suite aux attentats survenus entre\u00a02014 et\u00a02016 \u00e0 Paris et Bruxelles, de nombreux dispositifs\u00a0ont \u00e9t\u00e9 mis en place par...<\/p>\n\t\t<\/a>\n\t<\/div>\n\t<div class=\"content_cards_site_name\">\n\t\t<img decoding=\"async\" src=\"https:\/\/static-oaos.rtbf.be\/favicon\/rtbf-actus-32.png\" alt=\"RTBF\" class=\"content_cards_favicon\"\/>\t\tRTBF\t<\/div>\n<\/div>[\/vc_column_text][\/vc_column][vc_column width=&#8221;1\/2&#8243;][vc_column_text]<\/p>\n<p style=\"text-align: right;\"><a href=\"http:\/\/comitet.be\/wp-content\/uploads\/2019\/03\/Persmededeling-Comit\u00e9-NL.pdf\">Afdrukken of downloaden de persmededeling van het Comit\u00e9 T<\/a><\/p>\n<p style=\"text-align: center;\"><a href=\"https:\/\/comitet.be\/wp-content\/uploads\/2019\/03\/Persmededeling-Comit\u00e9-NL.pdf\" class=\"pdfemb-viewer\" style=\"\" data-width=\"max\" data-height=\"max\" data-mobile-width=\"500\"  data-scrollbar=\"none\" data-download=\"on\" data-tracking=\"on\" data-newwindow=\"on\" data-pagetextbox=\"off\" data-scrolltotop=\"off\" data-startzoom=\"100\" data-startfpzoom=\"100\" data-toolbar=\"bottom\" data-toolbar-fixed=\"off\">Persmededeling Comit\u00e9 NL<br\/><\/a><\/p>\n<p style=\"text-align: right;\"><a href=\"http:\/\/comitet.be\/wp-content\/uploads\/2019\/03\/Persmededeling-Comit\u00e9-NL.pdf\">Afdrukken of downloaden de persmededeling van het Comit\u00e9 T<\/a><\/p>\n<p>[\/vc_column_text][\/vc_column][\/vc_row]<\/p>\n","protected":false},"excerpt":{"rendered":"<p>[vc_row][vc_column][vc_empty_space height=&#8221;50px&#8221;][\/vc_column][\/vc_row][vc_row][vc_column width=&#8221;1\/2&#8243;][vc_column_text][\/vc_column_text][vc_video link=&#8221;https:\/\/www.youtube.com\/watch?v=h4qKo6IDq-o&#8221;][vc_column_text][\/vc_column_text][\/vc_column][vc_column width=&#8221;1\/2&#8243;][vc_column_text] Afdrukken of downloaden de persmededeling van het Comit\u00e9 T Afdrukken of downloaden de persmededeling van het Comit\u00e9 T [\/vc_column_text][\/vc_column][\/vc_row]<\/p>\n","protected":false},"author":1,"featured_media":0,"parent":0,"menu_order":0,"comment_status":"closed","ping_status":"closed","template":"template-visual-template.php","meta":{"footnotes":""},"jetpack_sharing_enabled":true,"_links":{"self":[{"href":"https:\/\/comitet.be\/nl\/wp-json\/wp\/v2\/pages\/113"}],"collection":[{"href":"https:\/\/comitet.be\/nl\/wp-json\/wp\/v2\/pages"}],"about":[{"href":"https:\/\/comitet.be\/nl\/wp-json\/wp\/v2\/types\/page"}],"author":[{"embeddable":true,"href":"https:\/\/comitet.be\/nl\/wp-json\/wp\/v2\/users\/1"}],"replies":[{"embeddable":true,"href":"https:\/\/comitet.be\/nl\/wp-json\/wp\/v2\/comments?post=113"}],"version-history":[{"count":16,"href":"https:\/\/comitet.be\/nl\/wp-json\/wp\/v2\/pages\/113\/revisions"}],"predecessor-version":[{"id":884,"href":"https:\/\/comitet.be\/nl\/wp-json\/wp\/v2\/pages\/113\/revisions\/884"}],"wp:attachment":[{"href":"https:\/\/comitet.be\/nl\/wp-json\/wp\/v2\/media?parent=113"}],"curies":[{"name":"wp","href":"https:\/\/api.w.org\/{rel}","templated":true}]}}